{"id":29310,"date":"2021-07-06T10:44:31","date_gmt":"2021-07-06T08:44:31","guid":{"rendered":"https:\/\/brin-d-eveil.ch\/category\/news\/?page_id=29310"},"modified":"2025-11-04T08:47:59","modified_gmt":"2025-11-04T07:47:59","slug":"equipe-educative","status":"publish","type":"page","link":"https:\/\/brin-d-eveil.ch\/category\/news\/equipe-educative\/","title":{"rendered":"Equipe \u00e9ducative"},"content":{"rendered":"\t\t<div data-elementor-type=\"wp-page\" data-elementor-id=\"29310\" class=\"elementor elementor-29310\" data-elementor-settings=\"[]\">\n\t\t\t\t\t\t\t<div class=\"elementor-section-wrap\">\n\t\t\t\t\t\t\t<section class=\"elementor-section elementor-top-section elementor-element elementor-element-860ce15 elementor-section-boxed elementor-section-height-default elementor-section-height-default\" data-id=\"860ce15\" data-element_type=\"section\">\n\t\t\t\t\t\t<div class=\"elementor-container elementor-column-gap-default\">\n\t\t\t\t\t<div class=\"elementor-column elementor-col-100 elementor-top-column elementor-element elementor-element-c7e73e6\" data-id=\"c7e73e6\" data-element_type=\"column\">\n\t\t\t<div class=\"elementor-widget-wrap elementor-element-populated\">\n\t\t\t\t\t\t\t\t<div class=\"elementor-element elementor-element-248a909 elementor-widget elementor-widget-lae-team-members\" data-id=\"248a909\" data-element_type=\"widget\" data-widget_type=\"lae-team-members.default\">\n\t\t\t\t<div class=\"elementor-widget-container\">\n\t\t\t\n\n<div        class=\"lae-team-members lae-team-members-style2 lae-container\" >\n\n    \n        \n        \n        \n<div class=\"lae-team-member-wrapper\">\n\n    \n    <div class=\"lae-team-member  lae-animate-on-scroll lae-visible-on-scroll\"  data-animation=\"fadeInLeft\">\n\n        <div class=\"lae-image-wrapper\">\n\n            \n                \n                \n                    <a class=\"lae-image-link\" title=\"Viviane\" href=\"https:\/\/brin-d-eveil.ch\/category\/news\/viviane\/\"><img width=\"891\" height=\"891\" src=\"https:\/\/brin-d-eveil.ch\/wp-content\/uploads\/2022\/01\/viviane_carre.jpg\" class=\"lae-image attachment-full size-full\" alt=\"Viviane\" loading=\"lazy\" title=\"Viviane\" srcset=\"https:\/\/brin-d-eveil.ch\/wp-content\/uploads\/2022\/01\/viviane_carre.jpg 891w, https:\/\/brin-d-eveil.ch\/wp-content\/uploads\/2022\/01\/viviane_carre-300x300.jpg 300w, https:\/\/brin-d-eveil.ch\/wp-content\/uploads\/2022\/01\/viviane_carre-150x150.jpg 150w, https:\/\/brin-d-eveil.ch\/wp-content\/uploads\/2022\/01\/viviane_carre-768x768.jpg 768w, https:\/\/brin-d-eveil.ch\/wp-content\/uploads\/2022\/01\/viviane_carre-200x200.jpg 200w, https:\/\/brin-d-eveil.ch\/wp-content\/uploads\/2022\/01\/viviane_carre-720x720.jpg 720w\" sizes=\"(max-width: 891px) 100vw, 891px\" \/><\/a>\n\n                \n            \n        <\/div><!-- .lae-image-wrapper -->\n\n        <div class=\"lae-team-member-text\">\n\n            \n            \n                <a class=\"lae-title-link\" title=\"Viviane\" href=\"https:\/\/brin-d-eveil.ch\/category\/news\/viviane\/\"><h3 class=\"lae-title\">Viviane<\/h3><\/a>\n\n            \n            <div class=\"lae-team-member-position\">\n\n                Directrice\n            <\/div>\n\n            <div class=\"lae-team-member-details\">\n\n                Co-fondatrice\n            <\/div>\n\n            \n<div class=\"lae-social-wrap\">\n    <div class=\"lae-social-list\">\n\n                        \n        \n        \n        \n        \n        \n        \n    <\/div><!-- .lae-social-list -->\n<\/div><!-- .lae-social-wrap -->\n\n\n\n        <\/div><!-- .lae-team-member-text -->\n\n    <\/div><!-- .lae-team-member -->\n\n<\/div><!-- .lae-team-member-wrapper -->\n    \n        \n        \n        \n<div class=\"lae-team-member-wrapper\">\n\n    \n    <div class=\"lae-team-member  lae-animate-on-scroll lae-visible-on-scroll\"  data-animation=\"fadeInRight\">\n\n        <div class=\"lae-image-wrapper\">\n\n            \n                \n                \n                    <a class=\"lae-image-link\" title=\"Aur\u00e9lie\" href=\"https:\/\/brin-d-eveil.ch\/category\/news\/aurelie\/\"><img width=\"2336\" height=\"2336\" src=\"https:\/\/brin-d-eveil.ch\/wp-content\/uploads\/2022\/01\/aurelie_carre.jpg\" class=\"lae-image attachment-full size-full\" alt=\"Aur\u00e9lie\" loading=\"lazy\" title=\"Aur\u00e9lie\" srcset=\"https:\/\/brin-d-eveil.ch\/wp-content\/uploads\/2022\/01\/aurelie_carre.jpg 2336w, https:\/\/brin-d-eveil.ch\/wp-content\/uploads\/2022\/01\/aurelie_carre-300x300.jpg 300w, https:\/\/brin-d-eveil.ch\/wp-content\/uploads\/2022\/01\/aurelie_carre-1024x1024.jpg 1024w, https:\/\/brin-d-eveil.ch\/wp-content\/uploads\/2022\/01\/aurelie_carre-150x150.jpg 150w, https:\/\/brin-d-eveil.ch\/wp-content\/uploads\/2022\/01\/aurelie_carre-768x768.jpg 768w, https:\/\/brin-d-eveil.ch\/wp-content\/uploads\/2022\/01\/aurelie_carre-1536x1536.jpg 1536w, https:\/\/brin-d-eveil.ch\/wp-content\/uploads\/2022\/01\/aurelie_carre-2048x2048.jpg 2048w, https:\/\/brin-d-eveil.ch\/wp-content\/uploads\/2022\/01\/aurelie_carre-200x200.jpg 200w, https:\/\/brin-d-eveil.ch\/wp-content\/uploads\/2022\/01\/aurelie_carre-720x720.jpg 720w\" sizes=\"(max-width: 2336px) 100vw, 2336px\" \/><\/a>\n\n                \n            \n        <\/div><!-- .lae-image-wrapper -->\n\n        <div class=\"lae-team-member-text\">\n\n            \n            \n                <a class=\"lae-title-link\" title=\"Aur\u00e9lie\" href=\"https:\/\/brin-d-eveil.ch\/category\/news\/aurelie\/\"><h3 class=\"lae-title\">Aur\u00e9lie<\/h3><\/a>\n\n            \n            <div class=\"lae-team-member-position\">\n\n                Directrice\n            <\/div>\n\n            <div class=\"lae-team-member-details\">\n\n                Co-fondatrice\n            <\/div>\n\n            \n<div class=\"lae-social-wrap\">\n    <div class=\"lae-social-list\">\n\n                        \n        \n        \n        \n        \n        \n        \n    <\/div><!-- .lae-social-list -->\n<\/div><!-- .lae-social-wrap -->\n\n\n\n        <\/div><!-- .lae-team-member-text -->\n\n    <\/div><!-- .lae-team-member -->\n\n<\/div><!-- .lae-team-member-wrapper -->\n    \n        \n        \n        \n<div class=\"lae-team-member-wrapper\">\n\n    \n    <div class=\"lae-team-member  lae-animate-on-scroll lae-visible-on-scroll\"  data-animation=\"fadeInLeft\">\n\n        <div class=\"lae-image-wrapper\">\n\n            \n                \n                \n                    <a class=\"lae-image-link\" title=\"L\u00e9a\" href=\"https:\/\/brin-d-eveil.ch\/category\/news\/lea\/\"><img width=\"948\" height=\"948\" src=\"https:\/\/brin-d-eveil.ch\/wp-content\/uploads\/2022\/01\/lea_carre.jpg\" class=\"lae-image attachment-full size-full\" alt=\"L\u00e9a\" loading=\"lazy\" title=\"L\u00e9a\" srcset=\"https:\/\/brin-d-eveil.ch\/wp-content\/uploads\/2022\/01\/lea_carre.jpg 948w, https:\/\/brin-d-eveil.ch\/wp-content\/uploads\/2022\/01\/lea_carre-300x300.jpg 300w, https:\/\/brin-d-eveil.ch\/wp-content\/uploads\/2022\/01\/lea_carre-150x150.jpg 150w, https:\/\/brin-d-eveil.ch\/wp-content\/uploads\/2022\/01\/lea_carre-768x768.jpg 768w, https:\/\/brin-d-eveil.ch\/wp-content\/uploads\/2022\/01\/lea_carre-200x200.jpg 200w, https:\/\/brin-d-eveil.ch\/wp-content\/uploads\/2022\/01\/lea_carre-720x720.jpg 720w\" sizes=\"(max-width: 948px) 100vw, 948px\" \/><\/a>\n\n                \n            \n        <\/div><!-- .lae-image-wrapper -->\n\n        <div class=\"lae-team-member-text\">\n\n            \n            \n                <a class=\"lae-title-link\" title=\"L\u00e9a\" href=\"https:\/\/brin-d-eveil.ch\/category\/news\/lea\/\"><h3 class=\"lae-title\">L\u00e9a<\/h3><\/a>\n\n            \n            <div class=\"lae-team-member-position\">\n\n                Assistante socio-\u00e9ducative\n            <\/div>\n\n            <div class=\"lae-team-member-details\">\n\n                \n            <\/div>\n\n            \n<div class=\"lae-social-wrap\">\n    <div class=\"lae-social-list\">\n\n                        \n        \n        \n        \n        \n        \n        \n    <\/div><!-- .lae-social-list -->\n<\/div><!-- .lae-social-wrap -->\n\n\n\n        <\/div><!-- .lae-team-member-text -->\n\n    <\/div><!-- .lae-team-member -->\n\n<\/div><!-- .lae-team-member-wrapper -->\n    \n        \n        \n        \n<div class=\"lae-team-member-wrapper\">\n\n    \n    <div class=\"lae-team-member  lae-animate-on-scroll lae-visible-on-scroll\"  data-animation=\"fadeInRight\">\n\n        <div class=\"lae-image-wrapper\">\n\n            \n                \n                \n                    <a class=\"lae-image-link\" title=\"Coraline\" href=\"https:\/\/brin-d-eveil.ch\/category\/news\/coraline\"><img width=\"1465\" height=\"1465\" src=\"https:\/\/brin-d-eveil.ch\/wp-content\/uploads\/2023\/08\/coraline_carre-2.jpg\" class=\"lae-image attachment-full size-full\" alt=\"Coraline\" loading=\"lazy\" title=\"Coarline\" srcset=\"https:\/\/brin-d-eveil.ch\/wp-content\/uploads\/2023\/08\/coraline_carre-2.jpg 1465w, https:\/\/brin-d-eveil.ch\/wp-content\/uploads\/2023\/08\/coraline_carre-2-300x300.jpg 300w, https:\/\/brin-d-eveil.ch\/wp-content\/uploads\/2023\/08\/coraline_carre-2-1024x1024.jpg 1024w, https:\/\/brin-d-eveil.ch\/wp-content\/uploads\/2023\/08\/coraline_carre-2-150x150.jpg 150w, https:\/\/brin-d-eveil.ch\/wp-content\/uploads\/2023\/08\/coraline_carre-2-768x768.jpg 768w, https:\/\/brin-d-eveil.ch\/wp-content\/uploads\/2023\/08\/coraline_carre-2-200x200.jpg 200w, https:\/\/brin-d-eveil.ch\/wp-content\/uploads\/2023\/08\/coraline_carre-2-720x720.jpg 720w\" sizes=\"(max-width: 1465px) 100vw, 1465px\" \/><\/a>\n\n                \n            \n        <\/div><!-- .lae-image-wrapper -->\n\n        <div class=\"lae-team-member-text\">\n\n            \n            \n                <a class=\"lae-title-link\" title=\"Coraline\" href=\"https:\/\/brin-d-eveil.ch\/category\/news\/coraline\"><h3 class=\"lae-title\">Coraline<\/h3><\/a>\n\n            \n            <div class=\"lae-team-member-position\">\n\n                \u00c9ducatrice de l'enfance\n            <\/div>\n\n            <div class=\"lae-team-member-details\">\n\n                \n            <\/div>\n\n            \n<div class=\"lae-social-wrap\">\n    <div class=\"lae-social-list\">\n\n                        \n        \n        \n        \n        \n        \n        \n    <\/div><!-- .lae-social-list -->\n<\/div><!-- .lae-social-wrap -->\n\n\n\n        <\/div><!-- .lae-team-member-text -->\n\n    <\/div><!-- .lae-team-member -->\n\n<\/div><!-- .lae-team-member-wrapper -->\n    \n        \n        \n        \n<div class=\"lae-team-member-wrapper\">\n\n    \n    <div class=\"lae-team-member  lae-animate-on-scroll lae-visible-on-scroll\"  data-animation=\"fadeInLeft\">\n\n        <div class=\"lae-image-wrapper\">\n\n            \n                \n                \n                    <a class=\"lae-image-link\" title=\"Alison\" href=\"https:\/\/brin-d-eveil.ch\/category\/news\/leane\/\"><img width=\"1920\" height=\"1920\" src=\"https:\/\/brin-d-eveil.ch\/wp-content\/uploads\/2024\/07\/IMG_0452.jpg\" class=\"lae-image attachment-full size-full\" alt=\"IMG_0452\" loading=\"lazy\" title=\"IMG_0452\" srcset=\"https:\/\/brin-d-eveil.ch\/wp-content\/uploads\/2024\/07\/IMG_0452.jpg 1920w, https:\/\/brin-d-eveil.ch\/wp-content\/uploads\/2024\/07\/IMG_0452-300x300.jpg 300w, https:\/\/brin-d-eveil.ch\/wp-content\/uploads\/2024\/07\/IMG_0452-1024x1024.jpg 1024w, https:\/\/brin-d-eveil.ch\/wp-content\/uploads\/2024\/07\/IMG_0452-150x150.jpg 150w, https:\/\/brin-d-eveil.ch\/wp-content\/uploads\/2024\/07\/IMG_0452-768x768.jpg 768w, https:\/\/brin-d-eveil.ch\/wp-content\/uploads\/2024\/07\/IMG_0452-1536x1536.jpg 1536w, https:\/\/brin-d-eveil.ch\/wp-content\/uploads\/2024\/07\/IMG_0452-200x200.jpg 200w, https:\/\/brin-d-eveil.ch\/wp-content\/uploads\/2024\/07\/IMG_0452-720x720.jpg 720w\" sizes=\"(max-width: 1920px) 100vw, 1920px\" \/><\/a>\n\n                \n            \n        <\/div><!-- .lae-image-wrapper -->\n\n        <div class=\"lae-team-member-text\">\n\n            \n            \n                <a class=\"lae-title-link\" title=\"Alison\" href=\"https:\/\/brin-d-eveil.ch\/category\/news\/leane\/\"><h3 class=\"lae-title\">Alison<\/h3><\/a>\n\n            \n            <div class=\"lae-team-member-position\">\n\n                \u00c9ducatrice de l'enfance\n            <\/div>\n\n            <div class=\"lae-team-member-details\">\n\n                \n            <\/div>\n\n            \n<div class=\"lae-social-wrap\">\n    <div class=\"lae-social-list\">\n\n                        \n        \n        \n        \n        \n        \n        \n    <\/div><!-- .lae-social-list -->\n<\/div><!-- .lae-social-wrap -->\n\n\n\n        <\/div><!-- .lae-team-member-text -->\n\n    <\/div><!-- .lae-team-member -->\n\n<\/div><!-- .lae-team-member-wrapper -->\n    \n        \n        \n        \n<div class=\"lae-team-member-wrapper\">\n\n    \n    <div class=\"lae-team-member  lae-animate-on-scroll lae-visible-on-scroll\"  data-animation=\"fadeInRight\">\n\n        <div class=\"lae-image-wrapper\">\n\n            \n                \n                \n                    <a class=\"lae-image-link\" title=\"No\u00e9mie\" href=\"https:\/\/brin-d-eveil.ch\/category\/news\/noemie\/\"><img width=\"266\" height=\"270\" src=\"https:\/\/brin-d-eveil.ch\/wp-content\/uploads\/2024\/07\/NV_rond2e.jpg\" class=\"lae-image attachment-full size-full\" alt=\"NV_rond2e\" loading=\"lazy\" title=\"NV_rond2e\" \/><\/a>\n\n                \n            \n        <\/div><!-- .lae-image-wrapper -->\n\n        <div class=\"lae-team-member-text\">\n\n            \n            \n                <a class=\"lae-title-link\" title=\"No\u00e9mie\" href=\"https:\/\/brin-d-eveil.ch\/category\/news\/noemie\/\"><h3 class=\"lae-title\">No\u00e9mie<\/h3><\/a>\n\n            \n            <div class=\"lae-team-member-position\">\n\n                Apprentie ASE 3\u00e8me ann\u00e9e\n            <\/div>\n\n            <div class=\"lae-team-member-details\">\n\n                \n            <\/div>\n\n            \n<div class=\"lae-social-wrap\">\n    <div class=\"lae-social-list\">\n\n                        \n        \n        \n        \n        \n        \n        \n    <\/div><!-- .lae-social-list -->\n<\/div><!-- .lae-social-wrap -->\n\n\n\n        <\/div><!-- .lae-team-member-text -->\n\n    <\/div><!-- .lae-team-member -->\n\n<\/div><!-- .lae-team-member-wrapper -->\n    \n        \n        \n        \n<div class=\"lae-team-member-wrapper\">\n\n    \n    <div class=\"lae-team-member  lae-animate-on-scroll lae-visible-on-scroll\"  data-animation=\"fadeInLeft\">\n\n        <div class=\"lae-image-wrapper\">\n\n            \n                \n                \n                    <a class=\"lae-image-link\" title=\"No\u00e9mie\" href=\"https:\/\/brin-d-eveil.ch\/category\/news\/noemie-2\/\" target=\"_blank\"><img width=\"1581\" height=\"1581\" src=\"https:\/\/brin-d-eveil.ch\/wp-content\/uploads\/2025\/11\/Noemie-Voiblet.jpg\" class=\"lae-image attachment-full size-full\" alt=\"Noemie-Voiblet\" loading=\"lazy\" title=\"Noemie-Voiblet\" srcset=\"https:\/\/brin-d-eveil.ch\/wp-content\/uploads\/2025\/11\/Noemie-Voiblet.jpg 1581w, https:\/\/brin-d-eveil.ch\/wp-content\/uploads\/2025\/11\/Noemie-Voiblet-300x300.jpg 300w, https:\/\/brin-d-eveil.ch\/wp-content\/uploads\/2025\/11\/Noemie-Voiblet-1024x1024.jpg 1024w, https:\/\/brin-d-eveil.ch\/wp-content\/uploads\/2025\/11\/Noemie-Voiblet-150x150.jpg 150w, https:\/\/brin-d-eveil.ch\/wp-content\/uploads\/2025\/11\/Noemie-Voiblet-768x768.jpg 768w, https:\/\/brin-d-eveil.ch\/wp-content\/uploads\/2025\/11\/Noemie-Voiblet-1536x1536.jpg 1536w, https:\/\/brin-d-eveil.ch\/wp-content\/uploads\/2025\/11\/Noemie-Voiblet-200x200.jpg 200w, https:\/\/brin-d-eveil.ch\/wp-content\/uploads\/2025\/11\/Noemie-Voiblet-720x720.jpg 720w\" sizes=\"(max-width: 1581px) 100vw, 1581px\" \/><\/a>\n\n                \n            \n        <\/div><!-- .lae-image-wrapper -->\n\n        <div class=\"lae-team-member-text\">\n\n            \n            \n                <a class=\"lae-title-link\" title=\"No\u00e9mie\" href=\"https:\/\/brin-d-eveil.ch\/category\/news\/noemie-2\/\" target=\"_blank\"><h3 class=\"lae-title\">No\u00e9mie<\/h3><\/a>\n\n            \n            <div class=\"lae-team-member-position\">\n\n                Apprentie ASE 2\u00e8me ann\u00e9e\n            <\/div>\n\n            <div class=\"lae-team-member-details\">\n\n                \n            <\/div>\n\n            \n<div class=\"lae-social-wrap\">\n    <div class=\"lae-social-list\">\n\n                        \n        \n        \n        \n        \n        \n        \n    <\/div><!-- .lae-social-list -->\n<\/div><!-- .lae-social-wrap -->\n\n\n\n        <\/div><!-- .lae-team-member-text -->\n\n    <\/div><!-- .lae-team-member -->\n\n<\/div><!-- .lae-team-member-wrapper -->\n    \n        \n        \n        \n<div class=\"lae-team-member-wrapper\">\n\n    \n    <div class=\"lae-team-member  lae-animate-on-scroll lae-visible-on-scroll\"  data-animation=\"fadeInRight\">\n\n        <div class=\"lae-image-wrapper\">\n\n            \n                \n                \n                    <a class=\"lae-image-link\" title=\"Sophia\" href=\"https:\/\/brin-d-eveil.ch\/category\/news\/sophia\/\" target=\"_blank\"><img width=\"1920\" height=\"1920\" src=\"https:\/\/brin-d-eveil.ch\/wp-content\/uploads\/2025\/03\/Sophia_rond.jpg\" class=\"lae-image attachment-full size-full\" alt=\"Sophia_rond\" loading=\"lazy\" title=\"Sophia_rond\" srcset=\"https:\/\/brin-d-eveil.ch\/wp-content\/uploads\/2025\/03\/Sophia_rond.jpg 1920w, https:\/\/brin-d-eveil.ch\/wp-content\/uploads\/2025\/03\/Sophia_rond-300x300.jpg 300w, https:\/\/brin-d-eveil.ch\/wp-content\/uploads\/2025\/03\/Sophia_rond-1024x1024.jpg 1024w, https:\/\/brin-d-eveil.ch\/wp-content\/uploads\/2025\/03\/Sophia_rond-150x150.jpg 150w, https:\/\/brin-d-eveil.ch\/wp-content\/uploads\/2025\/03\/Sophia_rond-768x768.jpg 768w, https:\/\/brin-d-eveil.ch\/wp-content\/uploads\/2025\/03\/Sophia_rond-1536x1536.jpg 1536w, https:\/\/brin-d-eveil.ch\/wp-content\/uploads\/2025\/03\/Sophia_rond-200x200.jpg 200w, https:\/\/brin-d-eveil.ch\/wp-content\/uploads\/2025\/03\/Sophia_rond-720x720.jpg 720w\" sizes=\"(max-width: 1920px) 100vw, 1920px\" \/><\/a>\n\n                \n            \n        <\/div><!-- .lae-image-wrapper -->\n\n        <div class=\"lae-team-member-text\">\n\n            \n            \n                <a class=\"lae-title-link\" title=\"Sophia\" href=\"https:\/\/brin-d-eveil.ch\/category\/news\/sophia\/\" target=\"_blank\"><h3 class=\"lae-title\">Sophia<\/h3><\/a>\n\n            \n            <div class=\"lae-team-member-position\">\n\n                Apprentie ASE 2\u00e8me ann\u00e9e (partenariat)\n            <\/div>\n\n            <div class=\"lae-team-member-details\">\n\n                \n            <\/div>\n\n            \n<div class=\"lae-social-wrap\">\n    <div class=\"lae-social-list\">\n\n                        \n        \n        \n        \n        \n        \n        \n    <\/div><!-- .lae-social-list -->\n<\/div><!-- .lae-social-wrap -->\n\n\n\n        <\/div><!-- .lae-team-member-text -->\n\n    <\/div><!-- .lae-team-member -->\n\n<\/div><!-- .lae-team-member-wrapper -->\n    \n        \n        \n        \n<div class=\"lae-team-member-wrapper\">\n\n    \n    <div class=\"lae-team-member  lae-animate-on-scroll lae-visible-on-scroll\"  data-animation=\"fadeInLeft\">\n\n        <div class=\"lae-image-wrapper\">\n\n            \n                \n                \n                    <a class=\"lae-image-link\" title=\"Sarah\" href=\"https:\/\/brin-d-eveil.ch\/category\/news\/sarah\/\" target=\"_blank\"><img width=\"238\" height=\"238\" src=\"https:\/\/brin-d-eveil.ch\/wp-content\/uploads\/2025\/03\/Sarah-De-pihno-Mendes_rond.jpg\" class=\"lae-image attachment-full size-full\" alt=\"Sarah De pihno Mendes_rond\" loading=\"lazy\" title=\"Sarah De pihno Mendes_rond\" srcset=\"https:\/\/brin-d-eveil.ch\/wp-content\/uploads\/2025\/03\/Sarah-De-pihno-Mendes_rond.jpg 238w, https:\/\/brin-d-eveil.ch\/wp-content\/uploads\/2025\/03\/Sarah-De-pihno-Mendes_rond-150x150.jpg 150w, https:\/\/brin-d-eveil.ch\/wp-content\/uploads\/2025\/03\/Sarah-De-pihno-Mendes_rond-200x200.jpg 200w\" sizes=\"(max-width: 238px) 100vw, 238px\" \/><\/a>\n\n                \n            \n        <\/div><!-- .lae-image-wrapper -->\n\n        <div class=\"lae-team-member-text\">\n\n            \n            \n                <a class=\"lae-title-link\" title=\"Sarah\" href=\"https:\/\/brin-d-eveil.ch\/category\/news\/sarah\/\" target=\"_blank\"><h3 class=\"lae-title\">Sarah<\/h3><\/a>\n\n            \n            <div class=\"lae-team-member-position\">\n\n                Apprentie ASE 1\u00e8re ann\u00e9e\n            <\/div>\n\n            <div class=\"lae-team-member-details\">\n\n                \n            <\/div>\n\n            \n<div class=\"lae-social-wrap\">\n    <div class=\"lae-social-list\">\n\n                        \n        \n        \n        \n        \n        \n        \n    <\/div><!-- .lae-social-list -->\n<\/div><!-- .lae-social-wrap -->\n\n\n\n        <\/div><!-- .lae-team-member-text -->\n\n    <\/div><!-- .lae-team-member -->\n\n<\/div><!-- .lae-team-member-wrapper -->\n    \n<\/div><!-- .lae-team-members -->\n\n<div class=\"lae-clear\"><\/div>\t\t<\/div>\n\t\t\t\t<\/div>\n\t\t\t\t\t<\/div>\n\t\t<\/div>\n\t\t\t\t\t\t\t<\/div>\n\t\t<\/section>\n\t\t\t\t\t\t<\/div>\n\t\t\t\t\t<\/div>\n\t\t","protected":false},"excerpt":{"rendered":"<p>Viviane Directrice Co-fondatrice Aur\u00e9lie Directrice Co-fondatrice L\u00e9a Assistante socio-\u00e9ducative Coraline \u00c9ducatrice de l&#8217;enfance Alison \u00c9ducatrice de l&#8217;enfance No\u00e9mie Apprentie ASE 3\u00e8me ann\u00e9e No\u00e9mie Apprentie ASE 2\u00e8me ann\u00e9e Sophia Apprentie ASE 2\u00e8me ann\u00e9e (partenariat) Sarah Apprentie ASE 1\u00e8re ann\u00e9e<\/p>\n","protected":false},"author":1,"featured_media":0,"parent":0,"menu_order":0,"comment_status":"closed","ping_status":"closed","template":"","meta":[],"_links":{"self":[{"href":"https:\/\/brin-d-eveil.ch\/category\/news\/wp-json\/wp\/v2\/pages\/29310"}],"collection":[{"href":"https:\/\/brin-d-eveil.ch\/category\/news\/wp-json\/wp\/v2\/pages"}],"about":[{"href":"https:\/\/brin-d-eveil.ch\/category\/news\/wp-json\/wp\/v2\/types\/page"}],"author":[{"embeddable":true,"href":"https:\/\/brin-d-eveil.ch\/category\/news\/wp-json\/wp\/v2\/users\/1"}],"replies":[{"embeddable":true,"href":"https:\/\/brin-d-eveil.ch\/category\/news\/wp-json\/wp\/v2\/comments?post=29310"}],"version-history":[{"count":101,"href":"https:\/\/brin-d-eveil.ch\/category\/news\/wp-json\/wp\/v2\/pages\/29310\/revisions"}],"predecessor-version":[{"id":29980,"href":"https:\/\/brin-d-eveil.ch\/category\/news\/wp-json\/wp\/v2\/pages\/29310\/revisions\/29980"}],"wp:attachment":[{"href":"https:\/\/brin-d-eveil.ch\/category\/news\/wp-json\/wp\/v2\/media?parent=29310"}],"curies":[{"name":"wp","href":"https:\/\/api.w.org\/{rel}","templated":true}]}}