{"id":29358,"date":"2021-07-06T13:54:32","date_gmt":"2021-07-06T11:54:32","guid":{"rendered":"https:\/\/brin-d-eveil.ch\/category\/news\/?page_id=29358"},"modified":"2024-09-25T12:28:28","modified_gmt":"2024-09-25T10:28:28","slug":"actualites","status":"publish","type":"page","link":"https:\/\/brin-d-eveil.ch\/category\/news\/actualites\/","title":{"rendered":"Actualit\u00e9s"},"content":{"rendered":"\t\t<div data-elementor-type=\"wp-page\" data-elementor-id=\"29358\" class=\"elementor elementor-29358\" data-elementor-settings=\"[]\">\n\t\t\t\t\t\t\t<div class=\"elementor-section-wrap\">\n\t\t\t\t\t\t\t<section class=\"elementor-section elementor-top-section elementor-element elementor-element-f9fa530 elementor-section-boxed elementor-section-height-default elementor-section-height-default\" data-id=\"f9fa530\" data-element_type=\"section\">\n\t\t\t\t\t\t<div class=\"elementor-container elementor-column-gap-default\">\n\t\t\t\t\t<div class=\"elementor-column elementor-col-100 elementor-top-column elementor-element elementor-element-ae7c766\" data-id=\"ae7c766\" data-element_type=\"column\">\n\t\t\t<div class=\"elementor-widget-wrap elementor-element-populated\">\n\t\t\t\t\t\t\t\t<div class=\"elementor-element elementor-element-2e78143 elementor-widget elementor-widget-lae-portfolio\" data-id=\"2e78143\" data-element_type=\"widget\" data-settings=\"{&quot;per_line&quot;:&quot;3&quot;,&quot;per_line_tablet&quot;:&quot;2&quot;,&quot;per_line_mobile&quot;:&quot;1&quot;}\" data-widget_type=\"lae-portfolio.default\">\n\t\t\t\t<div class=\"elementor-widget-container\">\n\t\t\t<div class=\"lae-portfolio-wrap lae-gapless-grid\"><div id=\"lae-portfolio-69f4f1e5035a9\" class=\"lae-portfolio js-isotope lae-fitRows lae-grid-container lae-classic-skin lae-grid-desktop-3 lae-grid-tablet-2 lae-grid-mobile-1\" data-isotope-options='{ \"itemSelector\": \".lae-portfolio-item\", \"layoutMode\": \"fitRows\", \"originLeft\": true}'><div data-id=\"id-30006\" class=\"lae-grid-item lae-portfolio-item  term-80\"><article id=\"post-30006\" class=\"post-30006 post type-post status-publish format-standard has-post-thumbnail hentry category-news\"><div class=\"lae-project-image\"><a href=\"https:\/\/brin-d-eveil.ch\/category\/news\/mise-a-jour-documents-institutionnels-2\/\"\u030c\u030c><img width=\"740\" height=\"740\" src=\"https:\/\/brin-d-eveil.ch\/wp-content\/uploads\/2024\/05\/miseAjourDoc-1024x1024.jpg\" class=\"lae-image skip-lazy no-lazyload exclude-me a3-notlazy attachment-large size-large\" alt=\"miseAjourDoc\" loading=\"eager\" title=\"miseAjourDoc\" data-no-lazy=\"1\" srcset=\"https:\/\/brin-d-eveil.ch\/wp-content\/uploads\/2024\/05\/miseAjourDoc-1024x1024.jpg 1024w, https:\/\/brin-d-eveil.ch\/wp-content\/uploads\/2024\/05\/miseAjourDoc-300x300.jpg 300w, https:\/\/brin-d-eveil.ch\/wp-content\/uploads\/2024\/05\/miseAjourDoc-150x150.jpg 150w, https:\/\/brin-d-eveil.ch\/wp-content\/uploads\/2024\/05\/miseAjourDoc-768x768.jpg 768w, https:\/\/brin-d-eveil.ch\/wp-content\/uploads\/2024\/05\/miseAjourDoc-200x200.jpg 200w, https:\/\/brin-d-eveil.ch\/wp-content\/uploads\/2024\/05\/miseAjourDoc-720x720.jpg 720w, https:\/\/brin-d-eveil.ch\/wp-content\/uploads\/2024\/05\/miseAjourDoc.jpg 1080w\" sizes=\"(max-width: 740px) 100vw, 740px\" \/><\/a><div class=\"lae-image-info\"><div class=\"lae-entry-info\"><h3 class=\"lae-post-title\"><a href=\"https:\/\/brin-d-eveil.ch\/category\/news\/mise-a-jour-documents-institutionnels-2\/\" title=\"Mise \u00e0 jour documents institutionnels\" rel=\"bookmark\">Mise \u00e0 jour documents institutionnels<\/a><\/h3><\/div><\/div><!-- .lae-image-info --><\/div><div class=\"lae-entry-text-wrap \"><h3 class=\"entry-title\"><a href=\"https:\/\/brin-d-eveil.ch\/category\/news\/mise-a-jour-documents-institutionnels-2\/\" title=\"Mise \u00e0 jour documents institutionnels\" rel=\"bookmark\">Mise \u00e0 jour documents institutionnels<\/a><\/h3><div class=\"lae-entry-meta\"><span class=\"published\"><abbr title=\"samedi, novembre, 2025, 8:24  \">15 novembre 2025<\/abbr><\/span><\/div><div class=\"lae-read-more\"><a href=\"https:\/\/brin-d-eveil.ch\/category\/news\/mise-a-jour-documents-institutionnels-2\/\">Lire la suite<\/a><\/div><\/div><\/article><!-- .hentry --><\/div><div data-id=\"id-29860\" class=\"lae-grid-item lae-portfolio-item  term-80\"><article id=\"post-29860\" class=\"post-29860 post type-post status-publish format-standard has-post-thumbnail hentry category-news\"><div class=\"lae-project-image\"><a href=\"https:\/\/brin-d-eveil.ch\/category\/news\/inauguration-du-jardin\/\"\u030c\u030c><img width=\"1\" height=\"1\" src=\"https:\/\/brin-d-eveil.ch\/wp-content\/uploads\/2024\/09\/IMG_2994.heic\" class=\"lae-image skip-lazy no-lazyload exclude-me a3-notlazy attachment-large size-large\" alt=\"IMG_2994\" loading=\"eager\" title=\"IMG_2994\" data-no-lazy=\"1\" \/><\/a><div class=\"lae-image-info\"><div class=\"lae-entry-info\"><h3 class=\"lae-post-title\"><a href=\"https:\/\/brin-d-eveil.ch\/category\/news\/inauguration-du-jardin\/\" title=\"Inauguration du jardin\" rel=\"bookmark\">Inauguration du jardin<\/a><\/h3><\/div><\/div><!-- .lae-image-info --><\/div><div class=\"lae-entry-text-wrap \"><h3 class=\"entry-title\"><a href=\"https:\/\/brin-d-eveil.ch\/category\/news\/inauguration-du-jardin\/\" title=\"Inauguration du jardin\" rel=\"bookmark\">Inauguration du jardin<\/a><\/h3><div class=\"lae-entry-meta\"><span class=\"published\"><abbr title=\"mercredi, septembre, 2024, 12:06  \">25 septembre 2024<\/abbr><\/span><\/div><div class=\"lae-read-more\"><a href=\"https:\/\/brin-d-eveil.ch\/category\/news\/inauguration-du-jardin\/\">Lire la suite<\/a><\/div><\/div><\/article><!-- .hentry --><\/div><div data-id=\"id-29816\" class=\"lae-grid-item lae-portfolio-item  term-80\"><article id=\"post-29816\" class=\"post-29816 post type-post status-publish format-standard has-post-thumbnail hentry category-news\"><div class=\"lae-project-image\"><a href=\"https:\/\/brin-d-eveil.ch\/category\/news\/amenagement-dun-jardin-privatif\/\"\u030c\u030c><img width=\"740\" height=\"925\" src=\"https:\/\/brin-d-eveil.ch\/wp-content\/uploads\/2024\/07\/JardinInsta-819x1024.png\" class=\"lae-image skip-lazy no-lazyload exclude-me a3-notlazy attachment-large size-large\" alt=\"JardinInsta\" loading=\"eager\" title=\"JardinInsta\" data-no-lazy=\"1\" srcset=\"https:\/\/brin-d-eveil.ch\/wp-content\/uploads\/2024\/07\/JardinInsta-819x1024.png 819w, https:\/\/brin-d-eveil.ch\/wp-content\/uploads\/2024\/07\/JardinInsta-240x300.png 240w, https:\/\/brin-d-eveil.ch\/wp-content\/uploads\/2024\/07\/JardinInsta-768x960.png 768w, https:\/\/brin-d-eveil.ch\/wp-content\/uploads\/2024\/07\/JardinInsta-720x900.png 720w, https:\/\/brin-d-eveil.ch\/wp-content\/uploads\/2024\/07\/JardinInsta.png 1080w\" sizes=\"(max-width: 740px) 100vw, 740px\" \/><\/a><div class=\"lae-image-info\"><div class=\"lae-entry-info\"><h3 class=\"lae-post-title\"><a href=\"https:\/\/brin-d-eveil.ch\/category\/news\/amenagement-dun-jardin-privatif\/\" title=\"Am\u00e9nagement d&#8217;un jardin privatif\" rel=\"bookmark\">Am\u00e9nagement d&#8217;un jardin privatif<\/a><\/h3><\/div><\/div><!-- .lae-image-info --><\/div><div class=\"lae-entry-text-wrap \"><h3 class=\"entry-title\"><a href=\"https:\/\/brin-d-eveil.ch\/category\/news\/amenagement-dun-jardin-privatif\/\" title=\"Am\u00e9nagement d&#8217;un jardin privatif\" rel=\"bookmark\">Am\u00e9nagement d&#8217;un jardin privatif<\/a><\/h3><div class=\"lae-entry-meta\"><span class=\"published\"><abbr title=\"dimanche, juillet, 2024, 1:46  \">14 juillet 2024<\/abbr><\/span><\/div><div class=\"lae-read-more\"><a href=\"https:\/\/brin-d-eveil.ch\/category\/news\/amenagement-dun-jardin-privatif\/\">Lire la suite<\/a><\/div><\/div><\/article><!-- .hentry --><\/div><div data-id=\"id-29807\" class=\"lae-grid-item lae-portfolio-item  term-80\"><article id=\"post-29807\" class=\"post-29807 post type-post status-publish format-standard has-post-thumbnail hentry category-news\"><div class=\"lae-project-image\"><a href=\"https:\/\/brin-d-eveil.ch\/category\/news\/felicitations-leane\/\"\u030c\u030c><img width=\"387\" height=\"387\" src=\"https:\/\/brin-d-eveil.ch\/wp-content\/uploads\/2023\/08\/leane_carre.jpg\" class=\"lae-image skip-lazy no-lazyload exclude-me a3-notlazy attachment-large size-large\" alt=\"L\u00e9ane\" loading=\"eager\" title=\"L\u00e9ane\" data-no-lazy=\"1\" srcset=\"https:\/\/brin-d-eveil.ch\/wp-content\/uploads\/2023\/08\/leane_carre.jpg 387w, https:\/\/brin-d-eveil.ch\/wp-content\/uploads\/2023\/08\/leane_carre-300x300.jpg 300w, https:\/\/brin-d-eveil.ch\/wp-content\/uploads\/2023\/08\/leane_carre-150x150.jpg 150w, https:\/\/brin-d-eveil.ch\/wp-content\/uploads\/2023\/08\/leane_carre-200x200.jpg 200w\" sizes=\"(max-width: 387px) 100vw, 387px\" \/><\/a><div class=\"lae-image-info\"><div class=\"lae-entry-info\"><h3 class=\"lae-post-title\"><a href=\"https:\/\/brin-d-eveil.ch\/category\/news\/felicitations-leane\/\" title=\"F\u00e9licitations L\u00e9ane\" rel=\"bookmark\">F\u00e9licitations L\u00e9ane<\/a><\/h3><\/div><\/div><!-- .lae-image-info --><\/div><div class=\"lae-entry-text-wrap \"><h3 class=\"entry-title\"><a href=\"https:\/\/brin-d-eveil.ch\/category\/news\/felicitations-leane\/\" title=\"F\u00e9licitations L\u00e9ane\" rel=\"bookmark\">F\u00e9licitations L\u00e9ane<\/a><\/h3><div class=\"lae-entry-meta\"><span class=\"published\"><abbr title=\"dimanche, juillet, 2024, 1:33  \">14 juillet 2024<\/abbr><\/span><\/div><div class=\"lae-read-more\"><a href=\"https:\/\/brin-d-eveil.ch\/category\/news\/felicitations-leane\/\">Lire la suite<\/a><\/div><\/div><\/article><!-- .hentry --><\/div><div data-id=\"id-29808\" class=\"lae-grid-item lae-portfolio-item  term-80\"><article id=\"post-29808\" class=\"post-29808 post type-post status-publish format-standard has-post-thumbnail hentry category-news\"><div class=\"lae-project-image\"><a href=\"https:\/\/brin-d-eveil.ch\/category\/news\/bienvenue-alison\/\"\u030c\u030c><img width=\"740\" height=\"868\" src=\"https:\/\/brin-d-eveil.ch\/wp-content\/uploads\/2024\/06\/Alison-Vuilleumier-873x1024.jpg\" class=\"lae-image skip-lazy no-lazyload exclude-me a3-notlazy attachment-large size-large\" alt=\"Alison Vuilleumier\" loading=\"eager\" title=\"Alison Vuilleumier\" data-no-lazy=\"1\" srcset=\"https:\/\/brin-d-eveil.ch\/wp-content\/uploads\/2024\/06\/Alison-Vuilleumier-873x1024.jpg 873w, https:\/\/brin-d-eveil.ch\/wp-content\/uploads\/2024\/06\/Alison-Vuilleumier-256x300.jpg 256w, https:\/\/brin-d-eveil.ch\/wp-content\/uploads\/2024\/06\/Alison-Vuilleumier-768x901.jpg 768w, https:\/\/brin-d-eveil.ch\/wp-content\/uploads\/2024\/06\/Alison-Vuilleumier-720x845.jpg 720w, https:\/\/brin-d-eveil.ch\/wp-content\/uploads\/2024\/06\/Alison-Vuilleumier.jpg 906w\" sizes=\"(max-width: 740px) 100vw, 740px\" \/><\/a><div class=\"lae-image-info\"><div class=\"lae-entry-info\"><h3 class=\"lae-post-title\"><a href=\"https:\/\/brin-d-eveil.ch\/category\/news\/bienvenue-alison\/\" title=\"Bienvenue Alison\" rel=\"bookmark\">Bienvenue Alison<\/a><\/h3><\/div><\/div><!-- .lae-image-info --><\/div><div class=\"lae-entry-text-wrap \"><h3 class=\"entry-title\"><a href=\"https:\/\/brin-d-eveil.ch\/category\/news\/bienvenue-alison\/\" title=\"Bienvenue Alison\" rel=\"bookmark\">Bienvenue Alison<\/a><\/h3><div class=\"lae-entry-meta\"><span class=\"published\"><abbr title=\"lundi, juin, 2024, 1:26  \">3 juin 2024<\/abbr><\/span><\/div><div class=\"lae-read-more\"><a href=\"https:\/\/brin-d-eveil.ch\/category\/news\/bienvenue-alison\/\">Lire la suite<\/a><\/div><\/div><\/article><!-- .hentry --><\/div><div data-id=\"id-29790\" class=\"lae-grid-item lae-portfolio-item  term-80\"><article id=\"post-29790\" class=\"post-29790 post type-post status-publish format-standard has-post-thumbnail hentry category-news\"><div class=\"lae-project-image\"><a href=\"https:\/\/brin-d-eveil.ch\/category\/news\/mise-a-jour-documents-institutionnels\/\"\u030c\u030c><img width=\"740\" height=\"740\" src=\"https:\/\/brin-d-eveil.ch\/wp-content\/uploads\/2024\/05\/miseAjourDoc-1024x1024.jpg\" class=\"lae-image skip-lazy no-lazyload exclude-me a3-notlazy attachment-large size-large\" alt=\"miseAjourDoc\" loading=\"eager\" title=\"miseAjourDoc\" data-no-lazy=\"1\" srcset=\"https:\/\/brin-d-eveil.ch\/wp-content\/uploads\/2024\/05\/miseAjourDoc-1024x1024.jpg 1024w, https:\/\/brin-d-eveil.ch\/wp-content\/uploads\/2024\/05\/miseAjourDoc-300x300.jpg 300w, https:\/\/brin-d-eveil.ch\/wp-content\/uploads\/2024\/05\/miseAjourDoc-150x150.jpg 150w, https:\/\/brin-d-eveil.ch\/wp-content\/uploads\/2024\/05\/miseAjourDoc-768x768.jpg 768w, https:\/\/brin-d-eveil.ch\/wp-content\/uploads\/2024\/05\/miseAjourDoc-200x200.jpg 200w, https:\/\/brin-d-eveil.ch\/wp-content\/uploads\/2024\/05\/miseAjourDoc-720x720.jpg 720w, https:\/\/brin-d-eveil.ch\/wp-content\/uploads\/2024\/05\/miseAjourDoc.jpg 1080w\" sizes=\"(max-width: 740px) 100vw, 740px\" \/><\/a><div class=\"lae-image-info\"><div class=\"lae-entry-info\"><h3 class=\"lae-post-title\"><a href=\"https:\/\/brin-d-eveil.ch\/category\/news\/mise-a-jour-documents-institutionnels\/\" title=\"Mise \u00e0 jour documents institutionnels\" rel=\"bookmark\">Mise \u00e0 jour documents institutionnels<\/a><\/h3><\/div><\/div><!-- .lae-image-info --><\/div><div class=\"lae-entry-text-wrap \"><h3 class=\"entry-title\"><a href=\"https:\/\/brin-d-eveil.ch\/category\/news\/mise-a-jour-documents-institutionnels\/\" title=\"Mise \u00e0 jour documents institutionnels\" rel=\"bookmark\">Mise \u00e0 jour documents institutionnels<\/a><\/h3><div class=\"lae-entry-meta\"><span class=\"published\"><abbr title=\"mercredi, mai, 2024, 8:17  \">1 mai 2024<\/abbr><\/span><\/div><div class=\"lae-read-more\"><a href=\"https:\/\/brin-d-eveil.ch\/category\/news\/mise-a-jour-documents-institutionnels\/\">Lire la suite<\/a><\/div><\/div><\/article><!-- .hentry --><\/div><div data-id=\"id-29813\" class=\"lae-grid-item lae-portfolio-item  term-80\"><article id=\"post-29813\" class=\"post-29813 post type-post status-publish format-standard has-post-thumbnail hentry category-news\"><div class=\"lae-project-image\"><a href=\"https:\/\/brin-d-eveil.ch\/category\/news\/formation-signons-ensemble\/\"\u030c\u030c><img width=\"576\" height=\"1024\" src=\"https:\/\/brin-d-eveil.ch\/wp-content\/uploads\/2024\/07\/annonceFORMATION-576x1024.png\" class=\"lae-image skip-lazy no-lazyload exclude-me a3-notlazy attachment-large size-large\" alt=\"annonceFORMATION\" loading=\"eager\" title=\"annonceFORMATION\" data-no-lazy=\"1\" srcset=\"https:\/\/brin-d-eveil.ch\/wp-content\/uploads\/2024\/07\/annonceFORMATION-576x1024.png 576w, https:\/\/brin-d-eveil.ch\/wp-content\/uploads\/2024\/07\/annonceFORMATION-169x300.png 169w, https:\/\/brin-d-eveil.ch\/wp-content\/uploads\/2024\/07\/annonceFORMATION-768x1365.png 768w, https:\/\/brin-d-eveil.ch\/wp-content\/uploads\/2024\/07\/annonceFORMATION-864x1536.png 864w, https:\/\/brin-d-eveil.ch\/wp-content\/uploads\/2024\/07\/annonceFORMATION-720x1280.png 720w, https:\/\/brin-d-eveil.ch\/wp-content\/uploads\/2024\/07\/annonceFORMATION.png 1080w\" sizes=\"(max-width: 576px) 100vw, 576px\" \/><\/a><div class=\"lae-image-info\"><div class=\"lae-entry-info\"><h3 class=\"lae-post-title\"><a href=\"https:\/\/brin-d-eveil.ch\/category\/news\/formation-signons-ensemble\/\" title=\"Formation &#8220;Signons Ensemble&#8221;\" rel=\"bookmark\">Formation &#8220;Signons Ensemble&#8221;<\/a><\/h3><\/div><\/div><!-- .lae-image-info --><\/div><div class=\"lae-entry-text-wrap \"><h3 class=\"entry-title\"><a href=\"https:\/\/brin-d-eveil.ch\/category\/news\/formation-signons-ensemble\/\" title=\"Formation &#8220;Signons Ensemble&#8221;\" rel=\"bookmark\">Formation &#8220;Signons Ensemble&#8221;<\/a><\/h3><div class=\"lae-entry-meta\"><span class=\"published\"><abbr title=\"dimanche, avril, 2024, 1:40  \">21 avril 2024<\/abbr><\/span><\/div><div class=\"lae-read-more\"><a href=\"https:\/\/brin-d-eveil.ch\/category\/news\/formation-signons-ensemble\/\">Lire la suite<\/a><\/div><\/div><\/article><!-- .hentry --><\/div><div data-id=\"id-29793\" class=\"lae-grid-item lae-portfolio-item  term-80\"><article id=\"post-29793\" class=\"post-29793 post type-post status-publish format-standard has-post-thumbnail hentry category-news\"><div class=\"lae-project-image\"><a href=\"https:\/\/brin-d-eveil.ch\/category\/news\/bienvenue-coraline\/\"\u030c\u030c><img width=\"740\" height=\"740\" src=\"https:\/\/brin-d-eveil.ch\/wp-content\/uploads\/2023\/08\/coraline_carre-2-1024x1024.jpg\" class=\"lae-image skip-lazy no-lazyload exclude-me a3-notlazy attachment-large size-large\" alt=\"Coraline\" loading=\"eager\" title=\"Coarline\" data-no-lazy=\"1\" srcset=\"https:\/\/brin-d-eveil.ch\/wp-content\/uploads\/2023\/08\/coraline_carre-2-1024x1024.jpg 1024w, https:\/\/brin-d-eveil.ch\/wp-content\/uploads\/2023\/08\/coraline_carre-2-300x300.jpg 300w, https:\/\/brin-d-eveil.ch\/wp-content\/uploads\/2023\/08\/coraline_carre-2-150x150.jpg 150w, https:\/\/brin-d-eveil.ch\/wp-content\/uploads\/2023\/08\/coraline_carre-2-768x768.jpg 768w, https:\/\/brin-d-eveil.ch\/wp-content\/uploads\/2023\/08\/coraline_carre-2-200x200.jpg 200w, https:\/\/brin-d-eveil.ch\/wp-content\/uploads\/2023\/08\/coraline_carre-2-720x720.jpg 720w, https:\/\/brin-d-eveil.ch\/wp-content\/uploads\/2023\/08\/coraline_carre-2.jpg 1465w\" sizes=\"(max-width: 740px) 100vw, 740px\" \/><\/a><div class=\"lae-image-info\"><div class=\"lae-entry-info\"><h3 class=\"lae-post-title\"><a href=\"https:\/\/brin-d-eveil.ch\/category\/news\/bienvenue-coraline\/\" title=\"Bienvenue Coraline\" rel=\"bookmark\">Bienvenue Coraline<\/a><\/h3><\/div><\/div><!-- .lae-image-info --><\/div><div class=\"lae-entry-text-wrap \"><h3 class=\"entry-title\"><a href=\"https:\/\/brin-d-eveil.ch\/category\/news\/bienvenue-coraline\/\" title=\"Bienvenue Coraline\" rel=\"bookmark\">Bienvenue Coraline<\/a><\/h3><div class=\"lae-entry-meta\"><span class=\"published\"><abbr title=\"lundi, ao\u00fbt, 2023, 8:20  \">14 ao\u00fbt 2023<\/abbr><\/span><\/div><div class=\"lae-read-more\"><a href=\"https:\/\/brin-d-eveil.ch\/category\/news\/bienvenue-coraline\/\">Lire la suite<\/a><\/div><\/div><\/article><!-- .hentry --><\/div><div data-id=\"id-29710\" class=\"lae-grid-item lae-portfolio-item  term-80\"><article id=\"post-29710\" class=\"post-29710 post type-post status-publish format-standard has-post-thumbnail hentry category-news\"><div class=\"lae-project-image\"><a href=\"https:\/\/brin-d-eveil.ch\/category\/news\/bienvenue-melanie\/\"\u030c\u030c><img width=\"740\" height=\"740\" src=\"https:\/\/brin-d-eveil.ch\/wp-content\/uploads\/2022\/09\/melanie_carre-1024x1024.jpg\" class=\"lae-image skip-lazy no-lazyload exclude-me a3-notlazy attachment-large size-large\" alt=\"M\u00e9lanie\" loading=\"eager\" title=\"M\u00e9lanie\" data-no-lazy=\"1\" srcset=\"https:\/\/brin-d-eveil.ch\/wp-content\/uploads\/2022\/09\/melanie_carre-1024x1024.jpg 1024w, https:\/\/brin-d-eveil.ch\/wp-content\/uploads\/2022\/09\/melanie_carre-300x300.jpg 300w, https:\/\/brin-d-eveil.ch\/wp-content\/uploads\/2022\/09\/melanie_carre-150x150.jpg 150w, https:\/\/brin-d-eveil.ch\/wp-content\/uploads\/2022\/09\/melanie_carre-768x768.jpg 768w, https:\/\/brin-d-eveil.ch\/wp-content\/uploads\/2022\/09\/melanie_carre-1536x1536.jpg 1536w, https:\/\/brin-d-eveil.ch\/wp-content\/uploads\/2022\/09\/melanie_carre-200x200.jpg 200w, https:\/\/brin-d-eveil.ch\/wp-content\/uploads\/2022\/09\/melanie_carre-720x720.jpg 720w, https:\/\/brin-d-eveil.ch\/wp-content\/uploads\/2022\/09\/melanie_carre.jpg 1576w\" sizes=\"(max-width: 740px) 100vw, 740px\" \/><\/a><div class=\"lae-image-info\"><div class=\"lae-entry-info\"><h3 class=\"lae-post-title\"><a href=\"https:\/\/brin-d-eveil.ch\/category\/news\/bienvenue-melanie\/\" title=\"Bienvenue M\u00e9lanie\" rel=\"bookmark\">Bienvenue M\u00e9lanie<\/a><\/h3><\/div><\/div><!-- .lae-image-info --><\/div><div class=\"lae-entry-text-wrap \"><h3 class=\"entry-title\"><a href=\"https:\/\/brin-d-eveil.ch\/category\/news\/bienvenue-melanie\/\" title=\"Bienvenue M\u00e9lanie\" rel=\"bookmark\">Bienvenue M\u00e9lanie<\/a><\/h3><div class=\"lae-entry-meta\"><span class=\"published\"><abbr title=\"lundi, septembre, 2022, 3:53  \">12 septembre 2022<\/abbr><\/span><\/div><div class=\"lae-read-more\"><a href=\"https:\/\/brin-d-eveil.ch\/category\/news\/bienvenue-melanie\/\">Lire la suite<\/a><\/div><\/div><\/article><!-- .hentry --><\/div><div data-id=\"id-29589\" class=\"lae-grid-item lae-portfolio-item  term-80\"><article id=\"post-29589\" class=\"post-29589 post type-post status-publish format-standard has-post-thumbnail hentry category-news\"><div class=\"lae-project-image\"><a href=\"https:\/\/brin-d-eveil.ch\/category\/news\/bienvenue-lea\/\"\u030c\u030c><img width=\"740\" height=\"740\" src=\"https:\/\/brin-d-eveil.ch\/wp-content\/uploads\/2022\/01\/lea_carre.jpg\" class=\"lae-image skip-lazy no-lazyload exclude-me a3-notlazy attachment-large size-large\" alt=\"L\u00e9a\" loading=\"eager\" title=\"L\u00e9a\" data-no-lazy=\"1\" srcset=\"https:\/\/brin-d-eveil.ch\/wp-content\/uploads\/2022\/01\/lea_carre.jpg 948w, https:\/\/brin-d-eveil.ch\/wp-content\/uploads\/2022\/01\/lea_carre-300x300.jpg 300w, https:\/\/brin-d-eveil.ch\/wp-content\/uploads\/2022\/01\/lea_carre-150x150.jpg 150w, https:\/\/brin-d-eveil.ch\/wp-content\/uploads\/2022\/01\/lea_carre-768x768.jpg 768w, https:\/\/brin-d-eveil.ch\/wp-content\/uploads\/2022\/01\/lea_carre-200x200.jpg 200w, https:\/\/brin-d-eveil.ch\/wp-content\/uploads\/2022\/01\/lea_carre-720x720.jpg 720w\" sizes=\"(max-width: 740px) 100vw, 740px\" \/><\/a><div class=\"lae-image-info\"><div class=\"lae-entry-info\"><h3 class=\"lae-post-title\"><a href=\"https:\/\/brin-d-eveil.ch\/category\/news\/bienvenue-lea\/\" title=\"Bienvenue L\u00e9a\" rel=\"bookmark\">Bienvenue L\u00e9a<\/a><\/h3><\/div><\/div><!-- .lae-image-info --><\/div><div class=\"lae-entry-text-wrap \"><h3 class=\"entry-title\"><a href=\"https:\/\/brin-d-eveil.ch\/category\/news\/bienvenue-lea\/\" title=\"Bienvenue L\u00e9a\" rel=\"bookmark\">Bienvenue L\u00e9a<\/a><\/h3><div class=\"lae-entry-meta\"><span class=\"published\"><abbr title=\"mardi, janvier, 2022, 12:52  \">25 janvier 2022<\/abbr><\/span><\/div><div class=\"lae-read-more\"><a href=\"https:\/\/brin-d-eveil.ch\/category\/news\/bienvenue-lea\/\">Lire la suite<\/a><\/div><\/div><\/article><!-- .hentry --><\/div><\/div><!-- .lae-portfolio --><\/div><!-- .lae-portfolio-wrap -->\t\t<\/div>\n\t\t\t\t<\/div>\n\t\t\t\t\t<\/div>\n\t\t<\/div>\n\t\t\t\t\t\t\t<\/div>\n\t\t<\/section>\n\t\t\t\t\t\t<\/div>\n\t\t\t\t\t<\/div>\n\t\t","protected":false},"excerpt":{"rendered":"<p>Voici J\u00e9r\u00e9mie Voici J\u00e9r\u00e9mie 6 juillet 2021Lire la suite Voici Viviane Voici Viviane 6 juillet 2021Lire la suite Voici Roland Voici Roland 6 juillet 2021Lire la suite Ouverture du site Internet Ouverture du site Internet 5 juillet 2021Lire la suite<\/p>\n","protected":false},"author":1,"featured_media":0,"parent":0,"menu_order":0,"comment_status":"closed","ping_status":"closed","template":"","meta":[],"_links":{"self":[{"href":"https:\/\/brin-d-eveil.ch\/category\/news\/wp-json\/wp\/v2\/pages\/29358"}],"collection":[{"href":"https:\/\/brin-d-eveil.ch\/category\/news\/wp-json\/wp\/v2\/pages"}],"about":[{"href":"https:\/\/brin-d-eveil.ch\/category\/news\/wp-json\/wp\/v2\/types\/page"}],"author":[{"embeddable":true,"href":"https:\/\/brin-d-eveil.ch\/category\/news\/wp-json\/wp\/v2\/users\/1"}],"replies":[{"embeddable":true,"href":"https:\/\/brin-d-eveil.ch\/category\/news\/wp-json\/wp\/v2\/comments?post=29358"}],"version-history":[{"count":21,"href":"https:\/\/brin-d-eveil.ch\/category\/news\/wp-json\/wp\/v2\/pages\/29358\/revisions"}],"predecessor-version":[{"id":29871,"href":"https:\/\/brin-d-eveil.ch\/category\/news\/wp-json\/wp\/v2\/pages\/29358\/revisions\/29871"}],"wp:attachment":[{"href":"https:\/\/brin-d-eveil.ch\/category\/news\/wp-json\/wp\/v2\/media?parent=29358"}],"curies":[{"name":"wp","href":"https:\/\/api.w.org\/{rel}","templated":true}]}}