{"id":29751,"date":"2023-08-09T15:07:57","date_gmt":"2023-08-09T13:07:57","guid":{"rendered":"https:\/\/brin-d-eveil.ch\/category\/news\/?page_id=29751"},"modified":"2026-08-05T18:17:26","modified_gmt":"2026-08-05T16:17:26","slug":"leane","status":"publish","type":"page","link":"https:\/\/brin-d-eveil.ch\/category\/news\/leane\/","title":{"rendered":"L\u00e9ane"},"content":{"rendered":"\n<figure class=\"wp-block-gallery aligncenter columns-1 is-cropped\"><ul class=\"blocks-gallery-grid\"><li class=\"blocks-gallery-item\"><figure><img src=\"https:\/\/brin-d-eveil.ch\/wp-content\/uploads\/2026\/08\/Leane-Loosli-e1785945041223.jpg\" alt=\"\"\/><\/figure><\/li><\/ul><\/figure>\n\n\n\n<blockquote class=\"wp-block-quote justifie\"><p>Depuis toujours, j&#8217;aime&nbsp;prendre soin des plus petits que moi. Ce que j&#8217;appr\u00e9cie chez les enfants est leur joie de vivre, leur authenticit\u00e9 et leur capacit\u00e9 \u00e0 jouer pendant des heures en oubliant ce qui les entoure. Je me r\u00e9jouis tout particuli\u00e8rement de pouvoir commencer ma formation \u00e0 Brin d&#8217;\u00e9veil..<\/p><cite>L\u00e9ane, apprentie ASE 1\u00e8re ann\u00e9e<\/cite><\/blockquote>\n\n\n\n<p><\/p>\n","protected":false},"excerpt":{"rendered":"<p>Depuis toujours, j&#8217;aime&nbsp;prendre soin des plus petits que moi. Ce que j&#8217;appr\u00e9cie chez les enfants est leur joie de vivre, leur authenticit\u00e9 et leur capacit\u00e9 \u00e0 jouer pendant des heures en oubliant ce qui les entoure. Je me r\u00e9jouis tout particuli\u00e8rement de pouvoir commencer ma formation \u00e0 Brin d&#8217;\u00e9veil.. L\u00e9ane, apprentie ASE 1\u00e8re ann\u00e9e<\/p>\n","protected":false},"author":1,"featured_media":0,"parent":0,"menu_order":0,"comment_status":"closed","ping_status":"closed","template":"","meta":[],"_links":{"self":[{"href":"https:\/\/brin-d-eveil.ch\/category\/news\/wp-json\/wp\/v2\/pages\/29751"}],"collection":[{"href":"https:\/\/brin-d-eveil.ch\/category\/news\/wp-json\/wp\/v2\/pages"}],"about":[{"href":"https:\/\/brin-d-eveil.ch\/category\/news\/wp-json\/wp\/v2\/types\/page"}],"author":[{"embeddable":true,"href":"https:\/\/brin-d-eveil.ch\/category\/news\/wp-json\/wp\/v2\/users\/1"}],"replies":[{"embeddable":true,"href":"https:\/\/brin-d-eveil.ch\/category\/news\/wp-json\/wp\/v2\/comments?post=29751"}],"version-history":[{"count":6,"href":"https:\/\/brin-d-eveil.ch\/category\/news\/wp-json\/wp\/v2\/pages\/29751\/revisions"}],"predecessor-version":[{"id":30087,"href":"https:\/\/brin-d-eveil.ch\/category\/news\/wp-json\/wp\/v2\/pages\/29751\/revisions\/30087"}],"wp:attachment":[{"href":"https:\/\/brin-d-eveil.ch\/category\/news\/wp-json\/wp\/v2\/media?parent=29751"}],"curies":[{"name":"wp","href":"https:\/\/api.w.org\/{rel}","templated":true}]}}