{"id":29898,"date":"2024-09-06T17:09:00","date_gmt":"2024-09-06T15:09:00","guid":{"rendered":"https:\/\/brin-d-eveil.ch\/category\/news\/?page_id=29898"},"modified":"2025-03-09T17:19:50","modified_gmt":"2025-03-09T16:19:50","slug":"sophia","status":"publish","type":"page","link":"https:\/\/brin-d-eveil.ch\/category\/news\/sophia\/","title":{"rendered":"Sophia"},"content":{"rendered":"\n<div class=\"wp-block-image is-style-rounded\"><figure class=\"aligncenter size-large\"><img loading=\"lazy\" width=\"1024\" height=\"1024\" src=\"https:\/\/brin-d-eveil.ch\/wp-content\/uploads\/2025\/03\/Sophia_rond-1024x1024.jpg\" alt=\"\" class=\"wp-image-29876\" srcset=\"https:\/\/brin-d-eveil.ch\/wp-content\/uploads\/2025\/03\/Sophia_rond-1024x1024.jpg 1024w, https:\/\/brin-d-eveil.ch\/wp-content\/uploads\/2025\/03\/Sophia_rond-300x300.jpg 300w, https:\/\/brin-d-eveil.ch\/wp-content\/uploads\/2025\/03\/Sophia_rond-150x150.jpg 150w, https:\/\/brin-d-eveil.ch\/wp-content\/uploads\/2025\/03\/Sophia_rond-768x768.jpg 768w, https:\/\/brin-d-eveil.ch\/wp-content\/uploads\/2025\/03\/Sophia_rond-1536x1536.jpg 1536w, https:\/\/brin-d-eveil.ch\/wp-content\/uploads\/2025\/03\/Sophia_rond-200x200.jpg 200w, https:\/\/brin-d-eveil.ch\/wp-content\/uploads\/2025\/03\/Sophia_rond-720x720.jpg 720w, https:\/\/brin-d-eveil.ch\/wp-content\/uploads\/2025\/03\/Sophia_rond.jpg 1920w\" sizes=\"(max-width: 1024px) 100vw, 1024px\" \/><\/figure><\/div>\n\n\n\n<blockquote class=\"wp-block-quote justifie\"><p>Je suis en 1\u00e8re ann\u00e9e d&#8217;apprentissage ASE. J&#8217;ai toujours eu de l&#8217;int\u00e9r\u00eat pour les enfants, j&#8217;aime partage du temps avec eux, les accompagner dans leur d\u00e9veloppement et leurs apprentissages. Mon ann\u00e9e de stage \u00e0 l&#8217;\u00e9cole &#8220;Graine de vie&#8221; a confirm\u00e9 mon choix professionnel et je me r\u00e9jouis d&#8217;int\u00e9grer l&#8217;\u00e9quipe de Brin d&#8217;\u00e9veil pour mon compl\u00e9ment de formation.<\/p><cite>Sophia, apprentie ASE 1\u00e8re ann\u00e9e en partenariat<\/cite><\/blockquote>\n\n\n\n<p><\/p>\n","protected":false},"excerpt":{"rendered":"<p>Je suis en 1\u00e8re ann\u00e9e d&#8217;apprentissage ASE. J&#8217;ai toujours eu de l&#8217;int\u00e9r\u00eat pour les enfants, j&#8217;aime partage du temps avec eux, les accompagner dans leur d\u00e9veloppement et leurs apprentissages. Mon ann\u00e9e de stage \u00e0 l&#8217;\u00e9cole &#8220;Graine de vie&#8221; a confirm\u00e9 mon choix professionnel et je me r\u00e9jouis d&#8217;int\u00e9grer l&#8217;\u00e9quipe de Brin d&#8217;\u00e9veil pour mon compl\u00e9ment&#46;&#46;&#46;<\/p>\n","protected":false},"author":2,"featured_media":0,"parent":0,"menu_order":0,"comment_status":"closed","ping_status":"closed","template":"","meta":[],"_links":{"self":[{"href":"https:\/\/brin-d-eveil.ch\/category\/news\/wp-json\/wp\/v2\/pages\/29898"}],"collection":[{"href":"https:\/\/brin-d-eveil.ch\/category\/news\/wp-json\/wp\/v2\/pages"}],"about":[{"href":"https:\/\/brin-d-eveil.ch\/category\/news\/wp-json\/wp\/v2\/types\/page"}],"author":[{"embeddable":true,"href":"https:\/\/brin-d-eveil.ch\/category\/news\/wp-json\/wp\/v2\/users\/2"}],"replies":[{"embeddable":true,"href":"https:\/\/brin-d-eveil.ch\/category\/news\/wp-json\/wp\/v2\/comments?post=29898"}],"version-history":[{"count":1,"href":"https:\/\/brin-d-eveil.ch\/category\/news\/wp-json\/wp\/v2\/pages\/29898\/revisions"}],"predecessor-version":[{"id":29904,"href":"https:\/\/brin-d-eveil.ch\/category\/news\/wp-json\/wp\/v2\/pages\/29898\/revisions\/29904"}],"wp:attachment":[{"href":"https:\/\/brin-d-eveil.ch\/category\/news\/wp-json\/wp\/v2\/media?parent=29898"}],"curies":[{"name":"wp","href":"https:\/\/api.w.org\/{rel}","templated":true}]}}